{"id":3781,"date":"2023-04-22T11:23:38","date_gmt":"2023-04-22T08:23:38","guid":{"rendered":"https:\/\/theplazabodrum.com\/odalar\/"},"modified":"2025-02-26T18:20:21","modified_gmt":"2025-02-26T15:20:21","slug":"odalar","status":"publish","type":"page","link":"https:\/\/theplazabodrum.com\/tr\/odalar\/","title":{"rendered":"Odalar"},"content":{"rendered":"\t\t<div data-elementor-type=\"wp-page\" data-elementor-id=\"3781\" class=\"elementor elementor-3781 elementor-1032\" data-elementor-post-type=\"page\">\n\t\t\t\t\t\t<section class=\"elementor-section elementor-top-section elementor-element elementor-element-8ecbd63 elementor-section-height-min-height cs-section-content-fullwidth cs-parallax-on-scroll cs_scroll_y_100 elementor-section-boxed elementor-section-height-default elementor-section-items-middle\" data-id=\"8ecbd63\" data-element_type=\"section\" data-e-type=\"section\" data-settings=\"{&quot;background_background&quot;:&quot;classic&quot;}\" data-cs-parallax-y=\"100\" style=\"background-image: none;\" data-cs-background-image=\"https:\/\/theplazabodrum.com\/wp-content\/uploads\/2024\/11\/the-1-plaza-hotels-bodrum-img-84-scaled.webp\" data-cs-background-image-alt-text=\"\">\n\t\t\t\t\t\t\t<div class=\"elementor-background-overlay\"><\/div>\n\t\t\t\t\t\t\t<div class=\"elementor-container elementor-column-gap-no\">\n\t\t\t\t\t<div class=\"elementor-column elementor-col-100 elementor-top-column elementor-element elementor-element-47b0f3b dark-color\" data-id=\"47b0f3b\" data-element_type=\"column\" data-e-type=\"column\">\n\t\t\t<div class=\"elementor-widget-wrap elementor-element-populated\">\n\t\t\t\t\t\t<div class=\"elementor-element elementor-element-31c3948 elementor-widget elementor-widget-cs_title\" data-id=\"31c3948\" data-element_type=\"widget\" data-e-type=\"widget\" data-widget_type=\"cs_title.default\">\n\t\t\t\t<div class=\"elementor-widget-container\">\n\t\t\t\t\t\n        <div class=\"cs-title-wrap text-center\">\t            <h1 class=\"cs-title\">\n\t                Konforlu Bir Konaklama Deneyimi \u0130\u00e7in Hemen Rezervasyonunuzu Yap\u0131n\t            <\/h1>\t            <div class=\"cs-title-text\">\n\t                <p>Yarat\u0131c\u0131l\u0131\u011f\u0131n ve k\u00fclt\u00fcr\u00fcn bulu\u015ftu\u011fu konaklama deneyimi.<\/p>\t            <\/div>        <\/div>\t\t\t\t<\/div>\n\t\t\t\t<\/div>\n\t\t\t\t\t<\/div>\n\t\t<\/div>\n\t\t\t\t\t<\/div>\n\t\t<\/section>\n\t\t\t\t<section class=\"elementor-section elementor-top-section elementor-element elementor-element-ed2fcc0 elementor-section-boxed elementor-section-height-default elementor-section-height-default\" data-id=\"ed2fcc0\" data-element_type=\"section\" data-e-type=\"section\">\n\t\t\t\t\t\t<div class=\"elementor-container elementor-column-gap-no\">\n\t\t\t\t\t<div class=\"elementor-column elementor-col-100 elementor-top-column elementor-element elementor-element-28bcbe9\" data-id=\"28bcbe9\" data-element_type=\"column\" data-e-type=\"column\">\n\t\t\t<div class=\"elementor-widget-wrap elementor-element-populated\">\n\t\t\t\t\t\t<div class=\"elementor-element elementor-element-31ef03a elementor-widget elementor-widget-cs_title\" data-id=\"31ef03a\" data-element_type=\"widget\" data-e-type=\"widget\" data-widget_type=\"cs_title.default\">\n\t\t\t\t<div class=\"elementor-widget-container\">\n\t\t\t\t\t\n        <div class=\"cs-title-wrap text-center\">\t            <div class=\"cs-subtitle-wrap\"><span class=\"cs-subtitle\">Odalar\u0131m\u0131zda Zarif Konforun B\u00fcy\u00fcs\u00fc\n<\/span><\/div>\t            <h5 class=\"cs-title\">\n\t                Modern Tasar\u0131m, Zamans\u0131z Huzurla Kucakla\u015f\u0131yor\n\t            <\/h5>\t            <div class=\"cs-title-text\">\n\t                <p>The Plaza Hotel Bodrum\u2019da, her biri sanat eseri gibi tasarlanm\u0131\u015f odalar\u0131m\u0131zda rahatlama ve ilham\u0131n bulu\u015ftu\u011fu bir yolculu\u011fa \u00e7\u0131k\u0131n. Modern \u015f\u0131kl\u0131\u011f\u0131 e\u015fsiz bir konforla harmanlayan odalar\u0131m\u0131z, masmavi deniz manzaralar\u0131 veya dingin bah\u00e7e panoramalar\u0131yla ruhunuzu kucaklar.<\/p><p>A\u015fk dolu anlar ya da ailece huzurlu bir mola i\u00e7in ideal deluxe odalar\u0131m\u0131z ve ferah s\u00fcitlerimizle tan\u0131\u015f\u0131n. Her detay, stilin ve konforun m\u00fckemmel uyumunu yans\u0131tmak i\u00e7in \u00f6zenle dokunmu\u015ftur.<\/p><p>Ki\u015fiselle\u015ftirilmi\u015f hizmetler ve ayr\u0131cal\u0131kl\u0131 olanaklarla, konaklaman\u0131z\u0131 unutulmaz bir an\u0131ya d\u00f6n\u00fc\u015ft\u00fcrmeye haz\u0131r\u0131z. B\u0131rak\u0131n, l\u00fcks ve huzurun tan\u0131m\u0131n\u0131 sizin i\u00e7in yeniden yazal\u0131m.<\/p>\t            <\/div>        <\/div>\t\t\t\t<\/div>\n\t\t\t\t<\/div>\n\t\t\t\t\t<\/div>\n\t\t<\/div>\n\t\t\t\t\t<\/div>\n\t\t<\/section>\n\t\t\t\t<section class=\"elementor-section elementor-top-section elementor-element elementor-element-a55d790 elementor-section-boxed elementor-section-height-default elementor-section-height-default\" data-id=\"a55d790\" data-element_type=\"section\" data-e-type=\"section\">\n\t\t\t\t\t\t<div class=\"elementor-container elementor-column-gap-no\">\n\t\t\t\t\t<div class=\"elementor-column elementor-col-100 elementor-top-column elementor-element elementor-element-3e9a7b0\" data-id=\"3e9a7b0\" data-element_type=\"column\" data-e-type=\"column\">\n\t\t\t<div class=\"elementor-widget-wrap elementor-element-populated\">\n\t\t\t\t\t\t<div class=\"elementor-element elementor-element-e13825d cs-animation-small-offset elementor-invisible elementor-widget elementor-widget-cs_tabs\" data-id=\"e13825d\" data-element_type=\"widget\" data-e-type=\"widget\" data-settings=\"{&quot;_animation&quot;:&quot;fadeInUp&quot;,&quot;_animation_delay&quot;:300}\" data-widget_type=\"cs_tabs.default\">\n\t\t\t\t<div class=\"elementor-widget-container\">\n\t\t\t\t\t            <div class=\"cs-tabs\">\n                <div class=\"elementor-tabs-wrapper\" role=\"tablist\">                    <div class=\"elementor-tab-title elementor-tab-desktop-title elementor-active\">\n                        <a href=\"#elementor-tab-e13825d-0\" class=\"tab-title-link\" data-id=\"oda-daire\">E\u015fsiz Odalar<\/a>\n                    <\/div>                <\/div>\n\n                <div class=\"elementor-tabs-content-wrapper\" role=\"tablist\" aria-orientation=\"horizontal\">                    <div id=\"elementor-tab-e13825d-0\" class=\"elementor-tab-content elementor-clearfix elementor-active\">\t\t\t<link rel=\"stylesheet\" id=\"elementor-post-3871-css\" href=\"https:\/\/theplazabodrum.com\/wp-content\/uploads\/elementor\/css\/post-3871.css?ver=1776686662\" type=\"text\/css\" media=\"all\">\t\t<div data-elementor-type=\"wp-post\" data-elementor-id=\"3871\" class=\"elementor elementor-3871 elementor-1337 elementor-1337\" data-elementor-post-type=\"custom_blocks\">\n\t\t\t\t\t\t<section class=\"elementor-section elementor-top-section elementor-element elementor-element-5addb24 elementor-section-boxed elementor-section-height-default elementor-section-height-default\" data-id=\"5addb24\" data-element_type=\"section\" data-e-type=\"section\">\n\t\t\t\t\t\t<div class=\"elementor-container elementor-column-gap-no\">\n\t\t\t\t\t<div class=\"elementor-column elementor-col-50 elementor-top-column elementor-element elementor-element-c2b6fc0\" data-id=\"c2b6fc0\" data-element_type=\"column\" data-e-type=\"column\" data-settings=\"{&quot;background_background&quot;:&quot;classic&quot;}\">\n\t\t\t<div class=\"elementor-widget-wrap elementor-element-populated\">\n\t\t\t\t\t\t<div class=\"elementor-element elementor-element-7c84199 elementor-widget elementor-widget-spacer\" data-id=\"7c84199\" data-element_type=\"widget\" data-e-type=\"widget\" data-widget_type=\"spacer.default\">\n\t\t\t\t<div class=\"elementor-widget-container\">\n\t\t\t\t\t\t\t<div class=\"elementor-spacer\">\n\t\t\t<div class=\"elementor-spacer-inner\"><\/div>\n\t\t<\/div>\n\t\t\t\t\t\t<\/div>\n\t\t\t\t<\/div>\n\t\t\t\t\t<\/div>\n\t\t<\/div>\n\t\t\t\t<div class=\"elementor-column elementor-col-50 elementor-top-column elementor-element elementor-element-6892af3\" data-id=\"6892af3\" data-element_type=\"column\" data-e-type=\"column\">\n\t\t\t<div class=\"elementor-widget-wrap elementor-element-populated\">\n\t\t\t\t\t\t<div class=\"elementor-element elementor-element-792e425 elementor-widget elementor-widget-cs_title\" data-id=\"792e425\" data-element_type=\"widget\" data-e-type=\"widget\" data-widget_type=\"cs_title.default\">\n\t\t\t\t<div class=\"elementor-widget-container\">\n\t\t\t\t\t\n        <div class=\"cs-title-wrap\">\t            <div class=\"cs-subtitle-wrap\"><span class=\"cs-subtitle\">Muhte\u015fem Manzaralar E\u015fli\u011finde Konforu Ya\u015fay\u0131n<\/span><\/div>\t            <h4 class=\"cs-title\">\n\t                E\u015fsiz Odalar\t            <\/h4>\t            <div class=\"cs-title-text\">\n\t                <p class=\"p1\">Konfor ve zarafetin m\u00fckemmel bir kar\u0131\u015f\u0131m\u0131n\u0131 sunan, \u00f6zenle tasarlanm\u0131\u015f odalar\u0131m\u0131z\u0131 ke\u015ffedin. St\u00fcdyo Odalar\u0131m\u0131z\u0131n dingin bah\u00e7e manzaras\u0131ndan Superior ve Deluxe konaklama birimlerimizdeki b\u00fcy\u00fcleyici deniz manzaras\u0131na kadar her alan benzersiz ve unutulmaz bir deneyim vaat ediyor. Modern olanaklar, \u015f\u0131k i\u00e7 mekanlar ve nefes kesici manzaraya sahip odalar\u0131m\u0131z, konaklaman\u0131z\u0131 ger\u00e7ekten ola\u011fan\u00fcst\u00fc k\u0131lmak i\u00e7in haz\u0131rlanm\u0131\u015ft\u0131r.<\/p>\t            <\/div>        <\/div>\t\t\t\t<\/div>\n\t\t\t\t<\/div>\n\t\t\t\t<div class=\"elementor-element elementor-element-70a47f7b elementor-position-inline-start elementor-view-default elementor-widget elementor-widget-icon-box\" data-id=\"70a47f7b\" data-element_type=\"widget\" data-e-type=\"widget\" data-widget_type=\"icon-box.default\">\n\t\t\t\t<div class=\"elementor-widget-container\">\n\t\t\t\t\t\t\t<div class=\"elementor-icon-box-wrapper\">\n\n\t\t\t\t\t\t<div class=\"elementor-icon-box-icon\">\n\t\t\t\t<span  class=\"elementor-icon\">\n\t\t\t\t<svg aria-hidden=\"true\" class=\"e-font-icon-svg e-fas-phone-alt\" viewBox=\"0 0 512 512\" xmlns=\"http:\/\/www.w3.org\/2000\/svg\"><path d=\"M497.39 361.8l-112-48a24 24 0 0 0-28 6.9l-49.6 60.6A370.66 370.66 0 0 1 130.6 204.11l60.6-49.6a23.94 23.94 0 0 0 6.9-28l-48-112A24.16 24.16 0 0 0 122.6.61l-104 24A24 24 0 0 0 0 48c0 256.5 207.9 464 464 464a24 24 0 0 0 23.4-18.6l24-104a24.29 24.29 0 0 0-14.01-27.6z\"><\/path><\/svg>\t\t\t\t<\/span>\n\t\t\t<\/div>\n\t\t\t\n\t\t\t\t\t\t<div class=\"elementor-icon-box-content\">\n\n\t\t\t\t\t\t\t\t\t<div class=\"elementor-icon-box-title\">\n\t\t\t\t\t\t<span  >\n\t\t\t\t\t\t\tDaha Fazla Bilgi \u0130\u00e7in Bizi Aray\u0131n\t\t\t\t\t\t<\/span>\n\t\t\t\t\t<\/div>\n\t\t\t\t\n\t\t\t\t\t\t\t\t\t<p class=\"elementor-icon-box-description\">\n\t\t\t\t\t\t<a href=\"tel:+902525300021\">+90 252 530 00 21<\/a>\t\t\t\t\t<\/p>\n\t\t\t\t\n\t\t\t<\/div>\n\t\t\t\n\t\t<\/div>\n\t\t\t\t\t\t<\/div>\n\t\t\t\t<\/div>\n\t\t\t\t\t<\/div>\n\t\t<\/div>\n\t\t\t\t\t<\/div>\n\t\t<\/section>\n\t\t\t\t<section class=\"elementor-section elementor-top-section elementor-element elementor-element-afebad1 elementor-section-boxed elementor-section-height-default elementor-section-height-default\" data-id=\"afebad1\" data-element_type=\"section\" data-e-type=\"section\">\n\t\t\t\t\t\t<div class=\"elementor-container elementor-column-gap-no\">\n\t\t\t\t\t<div class=\"elementor-column elementor-col-100 elementor-top-column elementor-element elementor-element-9a90dfb\" data-id=\"9a90dfb\" data-element_type=\"column\" data-e-type=\"column\">\n\t\t\t<div class=\"elementor-widget-wrap elementor-element-populated\">\n\t\t\t\t\t\t<div class=\"elementor-element elementor-element-1703b00 elementor-widget elementor-widget-cs_rooms\" data-id=\"1703b00\" data-element_type=\"widget\" data-e-type=\"widget\" data-widget_type=\"cs_rooms.default\">\n\t\t\t\t<div class=\"elementor-widget-container\">\n\t\t\t\t\t                    <div class=\"posts cs-rooms text-center layout-overlay column-2 layout-grid img-ratio-3-2 with-hover-effect\">\n                        <div class=\"posts-wrapper cs-rooms-wrapper\">\n\t<div class=\"post cs-room-item has-post-thumbnail\">\t\t    <div class=\"featured-img\">\n\t\t        <a href=\"https:\/\/theplazabodrum.com\/tr\/room\/bahce-manzarali-studyo-oda\/\" aria-label=\"Room Featured Image\"><img fetchpriority=\"high\" decoding=\"async\" width=\"780\" height=\"427\" src=\"https:\/\/theplazabodrum.com\/wp-content\/uploads\/2024\/11\/the-1-plaza-hotels-bodrum-img-5-780x427.webp\" class=\"attachment-cozystay_780x9999 size-cozystay_780x9999\" alt=\"\" srcset=\"https:\/\/theplazabodrum.com\/wp-content\/uploads\/2024\/11\/the-1-plaza-hotels-bodrum-img-5-780x427.webp 780w, https:\/\/theplazabodrum.com\/wp-content\/uploads\/2024\/11\/the-1-plaza-hotels-bodrum-img-5-scaled-150x82.webp 150w, https:\/\/theplazabodrum.com\/wp-content\/uploads\/2024\/11\/the-1-plaza-hotels-bodrum-img-5-600x328.webp 600w, https:\/\/theplazabodrum.com\/wp-content\/uploads\/2024\/11\/the-1-plaza-hotels-bodrum-img-5-300x164.webp 300w, https:\/\/theplazabodrum.com\/wp-content\/uploads\/2024\/11\/the-1-plaza-hotels-bodrum-img-5-1024x560.webp 1024w, https:\/\/theplazabodrum.com\/wp-content\/uploads\/2024\/11\/the-1-plaza-hotels-bodrum-img-5-768x420.webp 768w, https:\/\/theplazabodrum.com\/wp-content\/uploads\/2024\/11\/the-1-plaza-hotels-bodrum-img-5-1536x840.webp 1536w, https:\/\/theplazabodrum.com\/wp-content\/uploads\/2024\/11\/the-1-plaza-hotels-bodrum-img-5-2048x1120.webp 2048w, https:\/\/theplazabodrum.com\/wp-content\/uploads\/2024\/11\/the-1-plaza-hotels-bodrum-img-5-1920x1050.webp 1920w, https:\/\/theplazabodrum.com\/wp-content\/uploads\/2024\/11\/the-1-plaza-hotels-bodrum-img-5-1440x788.webp 1440w, https:\/\/theplazabodrum.com\/wp-content\/uploads\/2024\/11\/the-1-plaza-hotels-bodrum-img-5-1200x656.webp 1200w, https:\/\/theplazabodrum.com\/wp-content\/uploads\/2024\/11\/the-1-plaza-hotels-bodrum-img-5-550x301.webp 550w, https:\/\/theplazabodrum.com\/wp-content\/uploads\/2024\/11\/the-1-plaza-hotels-bodrum-img-5-370x202.webp 370w, https:\/\/theplazabodrum.com\/wp-content\/uploads\/2024\/11\/the-1-plaza-hotels-bodrum-img-5-255x139.webp 255w\" sizes=\"(max-width: 780px) 100vw, 780px\" \/>\t\t        <\/a>\t\t    <\/div>\n\t    <div class=\"post-content cs-room-content\">\n\t        <header class=\"post-header item-header\">\t            <h2 class=\"post-title item-title\">\n\t                <a href=\"https:\/\/theplazabodrum.com\/tr\/room\/bahce-manzarali-studyo-oda\/\">Bah\u00e7e Manzaral\u0131 St\u00fcdyo Oda<\/a>\n\t            <\/h2>\t        <\/header>\t\t        <div class=\"hover-show-content\">\t\t\t            <div class=\"post-excerpt item-excerpt\"><p>Sakin bah\u00e7e manzaralar\u0131 sunan St\u00fcdyo Odam\u0131zla kendinizi huzura b\u0131rak\u0131n. En fazla 2 konuk i\u00e7in ideal olan 25-35 m\u00b2 b\u00fcy\u00fckl\u00fc\u011f\u00fcndeki bu alanda konforlu bir yatak ve modern bir banyo bulunmaktad\u0131r. Rahatlamak i\u00e7in tasarlanan oda, yemye\u015fil bir alanla \u00e7evrili ideal bir inziva alan\u0131 sunarak huzurlu ve gen\u00e7le\u015ftirici bir konaklama sa\u011flar.  <\/p>\n<\/div>\t\t\t            <footer class=\"post-footer item-footer\">\n\t\t\t                <div class=\"more-btn\">\n\t\t\t                    <a class=\"read-more-btn button cs-btn-underline\" href=\"https:\/\/theplazabodrum.com\/tr\/room\/bahce-manzarali-studyo-oda\/\">\n\t\t\t                        <span>Discover More<\/span>\n\t\t\t                    <\/a>\n\t\t\t                <\/div>\n\t\t\t            <\/footer>\t        \t<\/div>\t    <\/div>\n\t<\/div>\n\n\t<div class=\"post cs-room-item has-post-thumbnail\">\t\t    <div class=\"featured-img\">\n\t\t        <a href=\"https:\/\/theplazabodrum.com\/tr\/room\/studyo-oda-deniz-manzarali\/\" aria-label=\"Room Featured Image\"><img decoding=\"async\" width=\"780\" height=\"534\" src=\"https:\/\/theplazabodrum.com\/wp-content\/uploads\/2024\/11\/the-1-plaza-hotels-bodrum-img-25-780x534.webp\" class=\"attachment-cozystay_780x9999 size-cozystay_780x9999\" alt=\"\" srcset=\"https:\/\/theplazabodrum.com\/wp-content\/uploads\/2024\/11\/the-1-plaza-hotels-bodrum-img-25-780x534.webp 780w, https:\/\/theplazabodrum.com\/wp-content\/uploads\/2024\/11\/the-1-plaza-hotels-bodrum-img-25-scaled-150x103.webp 150w, https:\/\/theplazabodrum.com\/wp-content\/uploads\/2024\/11\/the-1-plaza-hotels-bodrum-img-25-600x411.webp 600w, https:\/\/theplazabodrum.com\/wp-content\/uploads\/2024\/11\/the-1-plaza-hotels-bodrum-img-25-300x206.webp 300w, https:\/\/theplazabodrum.com\/wp-content\/uploads\/2024\/11\/the-1-plaza-hotels-bodrum-img-25-1024x702.webp 1024w, https:\/\/theplazabodrum.com\/wp-content\/uploads\/2024\/11\/the-1-plaza-hotels-bodrum-img-25-768x526.webp 768w, https:\/\/theplazabodrum.com\/wp-content\/uploads\/2024\/11\/the-1-plaza-hotels-bodrum-img-25-1536x1052.webp 1536w, https:\/\/theplazabodrum.com\/wp-content\/uploads\/2024\/11\/the-1-plaza-hotels-bodrum-img-25-2048x1403.webp 2048w, https:\/\/theplazabodrum.com\/wp-content\/uploads\/2024\/11\/the-1-plaza-hotels-bodrum-img-25-1920x1316.webp 1920w, https:\/\/theplazabodrum.com\/wp-content\/uploads\/2024\/11\/the-1-plaza-hotels-bodrum-img-25-1440x987.webp 1440w, https:\/\/theplazabodrum.com\/wp-content\/uploads\/2024\/11\/the-1-plaza-hotels-bodrum-img-25-1200x822.webp 1200w, https:\/\/theplazabodrum.com\/wp-content\/uploads\/2024\/11\/the-1-plaza-hotels-bodrum-img-25-550x377.webp 550w, https:\/\/theplazabodrum.com\/wp-content\/uploads\/2024\/11\/the-1-plaza-hotels-bodrum-img-25-370x254.webp 370w, https:\/\/theplazabodrum.com\/wp-content\/uploads\/2024\/11\/the-1-plaza-hotels-bodrum-img-25-255x175.webp 255w\" sizes=\"(max-width: 780px) 100vw, 780px\" \/>\t\t        <\/a>\t\t    <\/div>\n\t    <div class=\"post-content cs-room-content\">\n\t        <header class=\"post-header item-header\">\t            <h2 class=\"post-title item-title\">\n\t                <a href=\"https:\/\/theplazabodrum.com\/tr\/room\/studyo-oda-deniz-manzarali\/\">St\u00fcdyo Oda Deniz Manzaral\u0131<\/a>\n\t            <\/h2>\t        <\/header>\t\t        <div class=\"hover-show-content\">\t\t\t            <div class=\"post-excerpt item-excerpt\"><p>En \u00fcst d\u00fczeyde konfor ve rahatlama i\u00e7in tasarlanm\u0131\u015f rahat St\u00fcdyo Odam\u0131zda nefes kesici deniz manzaras\u0131na uyan\u0131n. 25-35 m\u00b2 alana sahip bu oda, pel\u00fc\u015f bir yatak ve modern bir banyo ile en fazla 2 konuk i\u00e7in idealdir. \u0130ster ke\u015fifle ge\u00e7en bir g\u00fcn\u00fcn ard\u0131ndan gev\u015fiyor ister sakin ortam\u0131n tad\u0131n\u0131 \u00e7\u0131kar\u0131yor olun, St\u00fcdyo Oda m\u00fckemmel bir konaklama i\u00e7in ihtiyac\u0131n\u0131z olan her \u015feyi sunar.<\/p>\n<\/div>\t\t\t            <footer class=\"post-footer item-footer\">\n\t\t\t                <div class=\"more-btn\">\n\t\t\t                    <a class=\"read-more-btn button cs-btn-underline\" href=\"https:\/\/theplazabodrum.com\/tr\/room\/studyo-oda-deniz-manzarali\/\">\n\t\t\t                        <span>Discover More<\/span>\n\t\t\t                    <\/a>\n\t\t\t                <\/div>\n\t\t\t            <\/footer>\t        \t<\/div>\t    <\/div>\n\t<\/div>\n\n\t<div class=\"post cs-room-item has-post-thumbnail\">\t\t    <div class=\"featured-img\">\n\t\t        <a href=\"https:\/\/theplazabodrum.com\/tr\/room\/superior-oda-deniz-manzarali\/\" aria-label=\"Room Featured Image\"><img decoding=\"async\" width=\"780\" height=\"520\" src=\"https:\/\/theplazabodrum.com\/wp-content\/uploads\/2023\/05\/SEA06442-780x520.jpg\" class=\"attachment-cozystay_780x9999 size-cozystay_780x9999\" alt=\"\" srcset=\"https:\/\/theplazabodrum.com\/wp-content\/uploads\/2023\/05\/SEA06442-780x520.jpg 780w, https:\/\/theplazabodrum.com\/wp-content\/uploads\/2023\/05\/SEA06442-300x200.jpg 300w, https:\/\/theplazabodrum.com\/wp-content\/uploads\/2023\/05\/SEA06442-1024x683.jpg 1024w, https:\/\/theplazabodrum.com\/wp-content\/uploads\/2023\/05\/SEA06442-768x512.jpg 768w, https:\/\/theplazabodrum.com\/wp-content\/uploads\/2023\/05\/SEA06442-1536x1024.jpg 1536w, https:\/\/theplazabodrum.com\/wp-content\/uploads\/2023\/05\/SEA06442-2048x1365.jpg 2048w, https:\/\/theplazabodrum.com\/wp-content\/uploads\/2023\/05\/SEA06442-1920x1280.jpg 1920w, https:\/\/theplazabodrum.com\/wp-content\/uploads\/2023\/05\/SEA06442-1440x960.jpg 1440w, https:\/\/theplazabodrum.com\/wp-content\/uploads\/2023\/05\/SEA06442-1200x800.jpg 1200w, https:\/\/theplazabodrum.com\/wp-content\/uploads\/2023\/05\/SEA06442-600x400.jpg 600w, https:\/\/theplazabodrum.com\/wp-content\/uploads\/2023\/05\/SEA06442-550x367.jpg 550w, https:\/\/theplazabodrum.com\/wp-content\/uploads\/2023\/05\/SEA06442-370x247.jpg 370w, https:\/\/theplazabodrum.com\/wp-content\/uploads\/2023\/05\/SEA06442-255x170.jpg 255w, https:\/\/theplazabodrum.com\/wp-content\/uploads\/2023\/05\/SEA06442-150x100.jpg 150w\" sizes=\"(max-width: 780px) 100vw, 780px\" \/>\t\t        <\/a>\t\t    <\/div>\n\t    <div class=\"post-content cs-room-content\">\n\t        <header class=\"post-header item-header\">\t            <h2 class=\"post-title item-title\">\n\t                <a href=\"https:\/\/theplazabodrum.com\/tr\/room\/superior-oda-deniz-manzarali\/\">Superior Oda Deniz Manzaral\u0131<\/a>\n\t            <\/h2>\t        <\/header>\t\t        <div class=\"hover-show-content\">\t\t\t            <div class=\"post-excerpt item-excerpt\"><p>Deniz Manzaral\u0131 Superior Odam\u0131zda konfor ve zarafetin m\u00fckemmel kar\u0131\u015f\u0131m\u0131n\u0131 deneyimleyin. 430-590 ft\u00b2 (40-55 m\u00b2) geni\u015fli\u011findeki bu ferah oda 2 yeti\u015fkin ve 1 \u00e7ocuk i\u00e7in idealdir. Muhte\u015fem deniz manzaras\u0131n\u0131n veya sakin park manzaras\u0131n\u0131n, pel\u00fc\u015f bir yata\u011f\u0131n ve rahatlamak i\u00e7in tasarlanm\u0131\u015f modern olanaklar\u0131n keyfini \u00e7\u0131kar\u0131n. Sakin ve unutulmaz bir ka\u00e7amak i\u00e7in m\u00fckemmel bir se\u00e7imdir.   <\/p>\n<\/div>\t\t\t            <footer class=\"post-footer item-footer\">\n\t\t\t                <div class=\"more-btn\">\n\t\t\t                    <a class=\"read-more-btn button cs-btn-underline\" href=\"https:\/\/theplazabodrum.com\/tr\/room\/superior-oda-deniz-manzarali\/\">\n\t\t\t                        <span>Discover More<\/span>\n\t\t\t                    <\/a>\n\t\t\t                <\/div>\n\t\t\t            <\/footer>\t        \t<\/div>\t    <\/div>\n\t<\/div>\n\n\t<div class=\"post cs-room-item has-post-thumbnail\">\t\t    <div class=\"featured-img\">\n\t\t        <a href=\"https:\/\/theplazabodrum.com\/tr\/room\/deluxe-oda-deniz-manzarali\/\" aria-label=\"Room Featured Image\"><img loading=\"lazy\" decoding=\"async\" width=\"780\" height=\"518\" src=\"https:\/\/theplazabodrum.com\/wp-content\/uploads\/2024\/11\/the-1-plaza-hotels-bodrum-img-19-780x518.webp\" class=\"attachment-cozystay_780x9999 size-cozystay_780x9999\" alt=\"\" srcset=\"https:\/\/theplazabodrum.com\/wp-content\/uploads\/2024\/11\/the-1-plaza-hotels-bodrum-img-19-780x518.webp 780w, https:\/\/theplazabodrum.com\/wp-content\/uploads\/2024\/11\/the-1-plaza-hotels-bodrum-img-19-150x100.webp 150w, https:\/\/theplazabodrum.com\/wp-content\/uploads\/2024\/11\/the-1-plaza-hotels-bodrum-img-19-600x398.webp 600w, https:\/\/theplazabodrum.com\/wp-content\/uploads\/2024\/11\/the-1-plaza-hotels-bodrum-img-19-300x199.webp 300w, https:\/\/theplazabodrum.com\/wp-content\/uploads\/2024\/11\/the-1-plaza-hotels-bodrum-img-19-1024x680.webp 1024w, https:\/\/theplazabodrum.com\/wp-content\/uploads\/2024\/11\/the-1-plaza-hotels-bodrum-img-19-768x510.webp 768w, https:\/\/theplazabodrum.com\/wp-content\/uploads\/2024\/11\/the-1-plaza-hotels-bodrum-img-19-1536x1020.webp 1536w, https:\/\/theplazabodrum.com\/wp-content\/uploads\/2024\/11\/the-1-plaza-hotels-bodrum-img-19-1920x1275.webp 1920w, https:\/\/theplazabodrum.com\/wp-content\/uploads\/2024\/11\/the-1-plaza-hotels-bodrum-img-19-1440x956.webp 1440w, https:\/\/theplazabodrum.com\/wp-content\/uploads\/2024\/11\/the-1-plaza-hotels-bodrum-img-19-1200x797.webp 1200w, https:\/\/theplazabodrum.com\/wp-content\/uploads\/2024\/11\/the-1-plaza-hotels-bodrum-img-19-550x365.webp 550w, https:\/\/theplazabodrum.com\/wp-content\/uploads\/2024\/11\/the-1-plaza-hotels-bodrum-img-19-370x246.webp 370w, https:\/\/theplazabodrum.com\/wp-content\/uploads\/2024\/11\/the-1-plaza-hotels-bodrum-img-19-255x169.webp 255w, https:\/\/theplazabodrum.com\/wp-content\/uploads\/2024\/11\/the-1-plaza-hotels-bodrum-img-19.webp 2000w\" sizes=\"(max-width: 780px) 100vw, 780px\" \/>\t\t        <\/a>\t\t    <\/div>\n\t    <div class=\"post-content cs-room-content\">\n\t        <header class=\"post-header item-header\">\t            <h2 class=\"post-title item-title\">\n\t                <a href=\"https:\/\/theplazabodrum.com\/tr\/room\/deluxe-oda-deniz-manzarali\/\">Deluxe Oda Deniz Manzaral\u0131<\/a>\n\t            <\/h2>\t        <\/header>\t\t        <div class=\"hover-show-content\">\t\t\t            <div class=\"post-excerpt item-excerpt\"><p>Nefes kesen deniz manzaras\u0131 ve 970 ft\u00b2 (90 m\u00b2) geni\u015fli\u011finde zarif bir alan sunan Deniz Manzaral\u0131 Deluxe Odam\u0131zla kendinizi l\u00fckse b\u0131rak\u0131n. 3 yeti\u015fkin veya 2 yeti\u015fkin ve 2 \u00e7ocuk i\u00e7in m\u00fckemmel olan odada ihtiya\u00e7lar\u0131n\u0131za uygun olarak bir \u00e7ift ki\u015filik yatak veya iki tek ki\u015filik yatak se\u00e7ene\u011fi bulunmaktad\u0131r. Rahatlamak i\u00e7in tasarlanan bu oda, modern olanaklar\u0131 davetkar bir atmosferle birle\u015ftirerek sevdiklerinizle unutulmaz an\u0131lar yaratmak i\u00e7in idealdir.  <\/p>\n<\/div>\t\t\t            <footer class=\"post-footer item-footer\">\n\t\t\t                <div class=\"more-btn\">\n\t\t\t                    <a class=\"read-more-btn button cs-btn-underline\" href=\"https:\/\/theplazabodrum.com\/tr\/room\/deluxe-oda-deniz-manzarali\/\">\n\t\t\t                        <span>Discover More<\/span>\n\t\t\t                    <\/a>\n\t\t\t                <\/div>\n\t\t\t            <\/footer>\t        \t<\/div>\t    <\/div>\n\t<\/div>\n\n\t<div class=\"post cs-room-item has-post-thumbnail\">\t\t    <div class=\"featured-img\">\n\t\t        <a href=\"https:\/\/theplazabodrum.com\/tr\/room\/deluxe-oda-swim-up\/\" aria-label=\"Room Featured Image\"><img loading=\"lazy\" decoding=\"async\" width=\"780\" height=\"518\" src=\"https:\/\/theplazabodrum.com\/wp-content\/uploads\/2023\/05\/Deluxe_Room_Swimup_4-780x518.webp\" class=\"attachment-cozystay_780x9999 size-cozystay_780x9999\" alt=\"\" srcset=\"https:\/\/theplazabodrum.com\/wp-content\/uploads\/2023\/05\/Deluxe_Room_Swimup_4-780x518.webp 780w, https:\/\/theplazabodrum.com\/wp-content\/uploads\/2023\/05\/Deluxe_Room_Swimup_4-300x199.webp 300w, https:\/\/theplazabodrum.com\/wp-content\/uploads\/2023\/05\/Deluxe_Room_Swimup_4-1024x680.webp 1024w, https:\/\/theplazabodrum.com\/wp-content\/uploads\/2023\/05\/Deluxe_Room_Swimup_4-768x510.webp 768w, https:\/\/theplazabodrum.com\/wp-content\/uploads\/2023\/05\/Deluxe_Room_Swimup_4-1536x1020.webp 1536w, https:\/\/theplazabodrum.com\/wp-content\/uploads\/2023\/05\/Deluxe_Room_Swimup_4-2048x1360.webp 2048w, https:\/\/theplazabodrum.com\/wp-content\/uploads\/2023\/05\/Deluxe_Room_Swimup_4-1920x1275.webp 1920w, https:\/\/theplazabodrum.com\/wp-content\/uploads\/2023\/05\/Deluxe_Room_Swimup_4-1440x956.webp 1440w, https:\/\/theplazabodrum.com\/wp-content\/uploads\/2023\/05\/Deluxe_Room_Swimup_4-1200x797.webp 1200w, https:\/\/theplazabodrum.com\/wp-content\/uploads\/2023\/05\/Deluxe_Room_Swimup_4-600x399.webp 600w, https:\/\/theplazabodrum.com\/wp-content\/uploads\/2023\/05\/Deluxe_Room_Swimup_4-550x365.webp 550w, https:\/\/theplazabodrum.com\/wp-content\/uploads\/2023\/05\/Deluxe_Room_Swimup_4-370x246.webp 370w, https:\/\/theplazabodrum.com\/wp-content\/uploads\/2023\/05\/Deluxe_Room_Swimup_4-255x169.webp 255w, https:\/\/theplazabodrum.com\/wp-content\/uploads\/2023\/05\/Deluxe_Room_Swimup_4-150x100.webp 150w\" sizes=\"(max-width: 780px) 100vw, 780px\" \/>\t\t        <\/a>\t\t    <\/div>\n\t    <div class=\"post-content cs-room-content\">\n\t        <header class=\"post-header item-header\">\t            <h2 class=\"post-title item-title\">\n\t                <a href=\"https:\/\/theplazabodrum.com\/tr\/room\/deluxe-oda-swim-up\/\">Deluxe Oda Swim-up<\/a>\n\t            <\/h2>\t        <\/header>\t\t        <div class=\"hover-show-content\">\t\t\t            <div class=\"post-excerpt item-excerpt\"><p>Do\u011frudan havuz eri\u015fimine sahip 970 ft\u00b2 (90 m\u00b2) b\u00fcy\u00fckl\u00fc\u011f\u00fcnde \u00e7a\u011fda\u015f bir l\u00fckse sahip Deluxe Swim-Up Odam\u0131zda en iyi ka\u00e7ama\u011f\u0131 ya\u015fay\u0131n. 3 yeti\u015fkin veya 2 yeti\u015fkin ve 2 \u00e7ocu\u011fun konaklayabilece\u011fi odada rahat\u0131n\u0131z i\u00e7in bir \u00e7ift ki\u015filik yatak veya iki tek ki\u015filik yatak se\u00e7ene\u011fi sunulmaktad\u0131r. Odan\u0131zdan havuzun ferahlat\u0131c\u0131 sular\u0131na ad\u0131m at\u0131n ve ger\u00e7ekten e\u015fsiz ve dinlendirici bir konaklaman\u0131n keyfini \u00e7\u0131kar\u0131n.  <\/p>\n<\/div>\t\t\t            <footer class=\"post-footer item-footer\">\n\t\t\t                <div class=\"more-btn\">\n\t\t\t                    <a class=\"read-more-btn button cs-btn-underline\" href=\"https:\/\/theplazabodrum.com\/tr\/room\/deluxe-oda-swim-up\/\">\n\t\t\t                        <span>Discover More<\/span>\n\t\t\t                    <\/a>\n\t\t\t                <\/div>\n\t\t\t            <\/footer>\t        \t<\/div>\t    <\/div>\n\t<\/div>\n                        <\/div>                    <\/div>\t\t\t\t<\/div>\n\t\t\t\t<\/div>\n\t\t\t\t\t<\/div>\n\t\t<\/div>\n\t\t\t\t\t<\/div>\n\t\t<\/section>\n\t\t\t\t<\/div>\n\t\t                    <\/div>                <\/div>\n            <\/div>\t\t\t\t<\/div>\n\t\t\t\t<\/div>\n\t\t\t\t\t<\/div>\n\t\t<\/div>\n\t\t\t\t\t<\/div>\n\t\t<\/section>\n\t\t\t\t<\/div>\n\t\t","protected":false},"excerpt":{"rendered":"<p>Konforlu Bir Konaklama Deneyimi \u0130\u00e7in Hemen Rezervasyonunuzu Yap\u0131n Yarat\u0131c\u0131l\u0131\u011f\u0131n ve k\u00fclt\u00fcr\u00fcn bulu\u015ftu\u011fu konaklama deneyimi. Odalar\u0131m\u0131zda Zarif Konforun B\u00fcy\u00fcs\u00fc Modern Tasar\u0131m, Zamans\u0131z Huzurla Kucakla\u015f\u0131yor The Plaza Hotel Bodrum\u2019da, her biri sanat eseri gibi tasarlanm\u0131\u015f odalar\u0131m\u0131zda rahatlama ve ilham\u0131n bulu\u015ftu\u011fu bir yolculu\u011fa \u00e7\u0131k\u0131n. Modern \u015f\u0131kl\u0131\u011f\u0131 e\u015fsiz bir konforla harmanlayan odalar\u0131m\u0131z, masmavi deniz manzaralar\u0131 veya dingin bah\u00e7e panoramalar\u0131yla &#8230;<\/p>\n","protected":false},"author":1,"featured_media":0,"parent":0,"menu_order":0,"comment_status":"closed","ping_status":"closed","template":"template-wide-content.php","meta":{"cozystay_single_page_hide_site_header":"","cozystay_single_page_site_header_source":"","cozystay_single_page_custom_site_header":"0","cozystay_single_page_custom_sticky_site_header":"0","cozystay_single_page_hide_page_title":"","cozystay_single_page_header_section_size":"","cozystay_single_page_header_background_color":"","cozystay_single_page_header_background_position_x":"center","cozystay_single_page_header_background_position_y":"center","cozystay_single_page_header_background_size":"cover","cozystay_single_page_header_background_repeat":"off","cozystay_single_page_header_background_scroll":"on","cozystay_single_page_header_text_color":"","cozystay_single_page_header_show_breadcrumb":"","cozystay_single_page_site_footer_hide_main":"","cozystay_single_custom_site_footer_main_source":"","cozystay_single_custom_site_footer_main":"0","cozystay_single_page_site_footer_hide_above":"","cozystay_single_custom_site_footer_above_source":"","cozystay_single_custom_site_footer_above":"0","cozystay_single_page_site_footer_hide_instagram":"","cozystay_single_page_site_footer_hide_bottom":"","cozystay_single_custom_mobile_menu_source":"","cozystay_single_custom_mobile_menu":"0","cozystay_single_custom_mobile_menu_animation":"","cozystay_single_custom_mobile_menu_width":"","cozystay_single_custom_mobile_menu_custom_width":375,"footnotes":""},"class_list":["post-3781","page","type-page","status-publish","hentry"],"yoast_head":"<!-- This site is optimized with the Yoast SEO plugin v27.4 - https:\/\/yoast.com\/product\/yoast-seo-wordpress\/ -->\n<title>Odalar - The Plaza Bodrum<\/title>\n<meta name=\"robots\" content=\"index, follow, max-snippet:-1, max-image-preview:large, max-video-preview:-1\" \/>\n<link rel=\"canonical\" href=\"https:\/\/theplazabodrum.com\/tr\/odalar\/\" \/>\n<meta property=\"og:locale\" content=\"tr_TR\" \/>\n<meta property=\"og:type\" content=\"article\" \/>\n<meta property=\"og:title\" content=\"Odalar - The Plaza Bodrum\" \/>\n<meta property=\"og:description\" content=\"Konforlu Bir Konaklama Deneyimi \u0130\u00e7in Hemen Rezervasyonunuzu Yap\u0131n Yarat\u0131c\u0131l\u0131\u011f\u0131n ve k\u00fclt\u00fcr\u00fcn bulu\u015ftu\u011fu konaklama deneyimi. Odalar\u0131m\u0131zda Zarif Konforun B\u00fcy\u00fcs\u00fc Modern Tasar\u0131m, Zamans\u0131z Huzurla Kucakla\u015f\u0131yor The Plaza Hotel Bodrum\u2019da, her biri sanat eseri gibi tasarlanm\u0131\u015f odalar\u0131m\u0131zda rahatlama ve ilham\u0131n bulu\u015ftu\u011fu bir yolculu\u011fa \u00e7\u0131k\u0131n. Modern \u015f\u0131kl\u0131\u011f\u0131 e\u015fsiz bir konforla harmanlayan odalar\u0131m\u0131z, masmavi deniz manzaralar\u0131 veya dingin bah\u00e7e panoramalar\u0131yla ...\" \/>\n<meta property=\"og:url\" content=\"https:\/\/theplazabodrum.com\/tr\/odalar\/\" \/>\n<meta property=\"og:site_name\" content=\"The Plaza Bodrum\" \/>\n<meta property=\"article:modified_time\" content=\"2025-02-26T15:20:21+00:00\" \/>\n<meta property=\"og:image\" content=\"https:\/\/theplazabodrum.com\/wp-content\/uploads\/2024\/11\/the-1-plaza-hotels-bodrum-img-5-780x427.webp\" \/>\n<meta name=\"twitter:card\" content=\"summary_large_image\" \/>\n<meta name=\"twitter:label1\" content=\"Tahmini okuma s\u00fcresi\" \/>\n\t<meta name=\"twitter:data1\" content=\"8 dakika\" \/>\n<script type=\"application\/ld+json\" class=\"yoast-schema-graph\">{\"@context\":\"https:\\\/\\\/schema.org\",\"@graph\":[{\"@type\":\"WebPage\",\"@id\":\"https:\\\/\\\/theplazabodrum.com\\\/tr\\\/odalar\\\/\",\"url\":\"https:\\\/\\\/theplazabodrum.com\\\/tr\\\/odalar\\\/\",\"name\":\"Odalar - The Plaza Bodrum\",\"isPartOf\":{\"@id\":\"https:\\\/\\\/theplazabodrum.com\\\/tr\\\/#website\"},\"primaryImageOfPage\":{\"@id\":\"https:\\\/\\\/theplazabodrum.com\\\/tr\\\/odalar\\\/#primaryimage\"},\"image\":{\"@id\":\"https:\\\/\\\/theplazabodrum.com\\\/tr\\\/odalar\\\/#primaryimage\"},\"thumbnailUrl\":\"https:\\\/\\\/theplazabodrum.com\\\/wp-content\\\/uploads\\\/2024\\\/11\\\/the-1-plaza-hotels-bodrum-img-5-780x427.webp\",\"datePublished\":\"2023-04-22T08:23:38+00:00\",\"dateModified\":\"2025-02-26T15:20:21+00:00\",\"breadcrumb\":{\"@id\":\"https:\\\/\\\/theplazabodrum.com\\\/tr\\\/odalar\\\/#breadcrumb\"},\"inLanguage\":\"tr\",\"potentialAction\":[{\"@type\":\"ReadAction\",\"target\":[\"https:\\\/\\\/theplazabodrum.com\\\/tr\\\/odalar\\\/\"]}]},{\"@type\":\"ImageObject\",\"inLanguage\":\"tr\",\"@id\":\"https:\\\/\\\/theplazabodrum.com\\\/tr\\\/odalar\\\/#primaryimage\",\"url\":\"https:\\\/\\\/theplazabodrum.com\\\/wp-content\\\/uploads\\\/2024\\\/11\\\/the-1-plaza-hotels-bodrum-img-5-780x427.webp\",\"contentUrl\":\"https:\\\/\\\/theplazabodrum.com\\\/wp-content\\\/uploads\\\/2024\\\/11\\\/the-1-plaza-hotels-bodrum-img-5-780x427.webp\"},{\"@type\":\"BreadcrumbList\",\"@id\":\"https:\\\/\\\/theplazabodrum.com\\\/tr\\\/odalar\\\/#breadcrumb\",\"itemListElement\":[{\"@type\":\"ListItem\",\"position\":1,\"name\":\"Home\",\"item\":\"https:\\\/\\\/theplazabodrum.com\\\/tr\\\/\"},{\"@type\":\"ListItem\",\"position\":2,\"name\":\"Odalar\"}]},{\"@type\":\"WebSite\",\"@id\":\"https:\\\/\\\/theplazabodrum.com\\\/tr\\\/#website\",\"url\":\"https:\\\/\\\/theplazabodrum.com\\\/tr\\\/\",\"name\":\"The Plaza Bodrum\",\"description\":\"Where Luxury Meets Serenity\",\"potentialAction\":[{\"@type\":\"SearchAction\",\"target\":{\"@type\":\"EntryPoint\",\"urlTemplate\":\"https:\\\/\\\/theplazabodrum.com\\\/tr\\\/?s={search_term_string}\"},\"query-input\":{\"@type\":\"PropertyValueSpecification\",\"valueRequired\":true,\"valueName\":\"search_term_string\"}}],\"inLanguage\":\"tr\"}]}<\/script>\n<!-- \/ Yoast SEO plugin. -->","yoast_head_json":{"title":"Odalar - The Plaza Bodrum","robots":{"index":"index","follow":"follow","max-snippet":"max-snippet:-1","max-image-preview":"max-image-preview:large","max-video-preview":"max-video-preview:-1"},"canonical":"https:\/\/theplazabodrum.com\/tr\/odalar\/","og_locale":"tr_TR","og_type":"article","og_title":"Odalar - The Plaza Bodrum","og_description":"Konforlu Bir Konaklama Deneyimi \u0130\u00e7in Hemen Rezervasyonunuzu Yap\u0131n Yarat\u0131c\u0131l\u0131\u011f\u0131n ve k\u00fclt\u00fcr\u00fcn bulu\u015ftu\u011fu konaklama deneyimi. Odalar\u0131m\u0131zda Zarif Konforun B\u00fcy\u00fcs\u00fc Modern Tasar\u0131m, Zamans\u0131z Huzurla Kucakla\u015f\u0131yor The Plaza Hotel Bodrum\u2019da, her biri sanat eseri gibi tasarlanm\u0131\u015f odalar\u0131m\u0131zda rahatlama ve ilham\u0131n bulu\u015ftu\u011fu bir yolculu\u011fa \u00e7\u0131k\u0131n. Modern \u015f\u0131kl\u0131\u011f\u0131 e\u015fsiz bir konforla harmanlayan odalar\u0131m\u0131z, masmavi deniz manzaralar\u0131 veya dingin bah\u00e7e panoramalar\u0131yla ...","og_url":"https:\/\/theplazabodrum.com\/tr\/odalar\/","og_site_name":"The Plaza Bodrum","article_modified_time":"2025-02-26T15:20:21+00:00","og_image":[{"url":"https:\/\/theplazabodrum.com\/wp-content\/uploads\/2024\/11\/the-1-plaza-hotels-bodrum-img-5-780x427.webp","type":"","width":"","height":""}],"twitter_card":"summary_large_image","twitter_misc":{"Tahmini okuma s\u00fcresi":"8 dakika"},"schema":{"@context":"https:\/\/schema.org","@graph":[{"@type":"WebPage","@id":"https:\/\/theplazabodrum.com\/tr\/odalar\/","url":"https:\/\/theplazabodrum.com\/tr\/odalar\/","name":"Odalar - The Plaza Bodrum","isPartOf":{"@id":"https:\/\/theplazabodrum.com\/tr\/#website"},"primaryImageOfPage":{"@id":"https:\/\/theplazabodrum.com\/tr\/odalar\/#primaryimage"},"image":{"@id":"https:\/\/theplazabodrum.com\/tr\/odalar\/#primaryimage"},"thumbnailUrl":"https:\/\/theplazabodrum.com\/wp-content\/uploads\/2024\/11\/the-1-plaza-hotels-bodrum-img-5-780x427.webp","datePublished":"2023-04-22T08:23:38+00:00","dateModified":"2025-02-26T15:20:21+00:00","breadcrumb":{"@id":"https:\/\/theplazabodrum.com\/tr\/odalar\/#breadcrumb"},"inLanguage":"tr","potentialAction":[{"@type":"ReadAction","target":["https:\/\/theplazabodrum.com\/tr\/odalar\/"]}]},{"@type":"ImageObject","inLanguage":"tr","@id":"https:\/\/theplazabodrum.com\/tr\/odalar\/#primaryimage","url":"https:\/\/theplazabodrum.com\/wp-content\/uploads\/2024\/11\/the-1-plaza-hotels-bodrum-img-5-780x427.webp","contentUrl":"https:\/\/theplazabodrum.com\/wp-content\/uploads\/2024\/11\/the-1-plaza-hotels-bodrum-img-5-780x427.webp"},{"@type":"BreadcrumbList","@id":"https:\/\/theplazabodrum.com\/tr\/odalar\/#breadcrumb","itemListElement":[{"@type":"ListItem","position":1,"name":"Home","item":"https:\/\/theplazabodrum.com\/tr\/"},{"@type":"ListItem","position":2,"name":"Odalar"}]},{"@type":"WebSite","@id":"https:\/\/theplazabodrum.com\/tr\/#website","url":"https:\/\/theplazabodrum.com\/tr\/","name":"The Plaza Bodrum","description":"Where Luxury Meets Serenity","potentialAction":[{"@type":"SearchAction","target":{"@type":"EntryPoint","urlTemplate":"https:\/\/theplazabodrum.com\/tr\/?s={search_term_string}"},"query-input":{"@type":"PropertyValueSpecification","valueRequired":true,"valueName":"search_term_string"}}],"inLanguage":"tr"}]}},"_links":{"self":[{"href":"https:\/\/theplazabodrum.com\/tr\/wp-json\/wp\/v2\/pages\/3781","targetHints":{"allow":["GET"]}}],"collection":[{"href":"https:\/\/theplazabodrum.com\/tr\/wp-json\/wp\/v2\/pages"}],"about":[{"href":"https:\/\/theplazabodrum.com\/tr\/wp-json\/wp\/v2\/types\/page"}],"author":[{"embeddable":true,"href":"https:\/\/theplazabodrum.com\/tr\/wp-json\/wp\/v2\/users\/1"}],"replies":[{"embeddable":true,"href":"https:\/\/theplazabodrum.com\/tr\/wp-json\/wp\/v2\/comments?post=3781"}],"version-history":[{"count":25,"href":"https:\/\/theplazabodrum.com\/tr\/wp-json\/wp\/v2\/pages\/3781\/revisions"}],"predecessor-version":[{"id":4297,"href":"https:\/\/theplazabodrum.com\/tr\/wp-json\/wp\/v2\/pages\/3781\/revisions\/4297"}],"wp:attachment":[{"href":"https:\/\/theplazabodrum.com\/tr\/wp-json\/wp\/v2\/media?parent=3781"}],"curies":[{"name":"wp","href":"https:\/\/api.w.org\/{rel}","templated":true}]}}